{"id":163,"date":"2013-01-21T18:39:53","date_gmt":"2013-01-21T18:39:53","guid":{"rendered":"http:\/\/kc-glarus.ch\/?page_id=163"},"modified":"2013-03-06T17:00:59","modified_gmt":"2013-03-06T17:00:59","slug":"kosten","status":"publish","type":"page","link":"https:\/\/kc-glarus.ch\/?page_id=163","title":{"rendered":"Kosten Karate"},"content":{"rendered":"<p>Mitgliederbeitr\u00e4ge (incl. Lizenzmarke*)<\/p>\n<p>Erwachsene :Fr. 200.- \u00a0f\u00fcrs Halbjahr oder \u00a0Fr. 360.- f\u00fcr 1 Jahr<\/p>\n<p>Kinder: \u00a0 \u00a0 \u00a0 \u00a0 \u00a0Fr. 170.- \u00a0f\u00fcrs Halbjahr oder Fr. 300.- \u00a0f\u00fcr 1 Jahr<\/p>\n<p>(*) Die Lizenzmarke ist f\u00fcr jedes Mitglied eines Clubs oder Karateschule obligatorisch.<\/p>\n","protected":false},"excerpt":{"rendered":"<p>Mitgliederbeitr\u00e4ge (incl. Lizenzmarke*) Erwachsene :Fr. 200.- \u00a0f\u00fcrs Halbjahr oder \u00a0Fr. 360.- f\u00fcr 1 Jahr Kinder: \u00a0 \u00a0 \u00a0 \u00a0 \u00a0Fr. 170.- \u00a0f\u00fcrs Halbjahr oder Fr. 300.- \u00a0f\u00fcr 1 Jahr (*) Die Lizenzmarke ist f\u00fcr&#46;&#46;&#46;<\/p>\n","protected":false},"author":3,"featured_media":0,"parent":0,"menu_order":0,"comment_status":"closed","ping_status":"closed","template":"","meta":{"_acf_changed":false,"advgb_blocks_editor_width":"","advgb_blocks_columns_visual_guide":"","ghostkit_customizer_options":"","ghostkit_custom_css":"","ghostkit_custom_js_head":"","ghostkit_custom_js_foot":"","ghostkit_typography":"","ngg_post_thumbnail":0,"footnotes":""},"class_list":["post-163","page","type-page","status-publish","hentry"],"acf":[],"featured_image_urls_v2":{"full":"","thumbnail":"","medium":"","medium_large":"","large":"","1536x1536":"","2048x2048":"","ab-block-post-grid-landscape":"","ab-block-post-grid-square":"","thumb-small":"","thumb-standard":"","thumb-medium":"","thumb-large":"","thumb-xlarge":"","thumb-xxlarge":"","thumb-large-no-crop":"","thumb-medium-no-crop":"","thumb-standard-no-crop":""},"post_excerpt_stackable_v2":"<p>Mitgliederbeitr\u00e4ge (incl. Lizenzmarke*) Erwachsene :Fr. 200.- \u00a0f\u00fcrs Halbjahr oder \u00a0Fr. 360.- f\u00fcr 1 Jahr Kinder: \u00a0 \u00a0 \u00a0 \u00a0 \u00a0Fr. 170.- \u00a0f\u00fcrs Halbjahr oder Fr. 300.- \u00a0f\u00fcr 1 Jahr (*) Die Lizenzmarke ist f\u00fcr jedes Mitglied eines Clubs oder Karateschule obligatorisch.<\/p>\n","category_list_v2":"","author_info_v2":{"name":"Gabriel Rimann","url":"https:\/\/kc-glarus.ch\/?author=3"},"comments_num_v2":"0 comments","featured_image_src":null,"featured_image_src_square":null,"coauthors":[],"author_meta":{"author_link":"https:\/\/kc-glarus.ch\/?author=3","display_name":"Gabriel Rimann"},"relative_dates":{"created":"Ver\u00f6ffentlicht 14\u00a0Jahren vor","modified":"Aktualisiert 13\u00a0Jahren vor"},"absolute_dates":{"created":"Ver\u00f6ffentlicht am Januar 21, 2013","modified":"Aktualisiert am M\u00e4rz 6, 2013"},"absolute_dates_time":{"created":"Ver\u00f6ffentlicht am Januar 21, 2013 6:39 p.m.","modified":"Aktualisiert am M\u00e4rz 6, 2013 5:00 p.m."},"featured_img_caption":"","featured_img":false,"series_order":"","jetpack_sharing_enabled":true,"jetpack_shortlink":"https:\/\/wp.me\/P76nP4-2D","jetpack-related-posts":[{"id":13,"url":"https:\/\/kc-glarus.ch\/?page_id=13","url_meta":{"origin":163,"position":0},"title":"Leistungsport","author":"Gabriel Rimann","date":"Juli 22, 2012","format":false,"excerpt":"2.Platz am \"Claude Sittinger Open\" \u00a0in Schwammendingen 28.Februar 2015 \u00a0\u00a0 Sonia Maddalon 3. Schweizermeistertitel 22.November\u00a0\u00a02014 Sonia Maddalon gewinnt \u00a0das 3. Qualifikationsturnier f\u00fcr die SM. Gold und Bronze f\u00fcr Sonia Maddalon und Selina Blumer an den Schweizermeisterschaften 2012 in Fribourg.","rel":"","context":"\u00c4hnlicher Beitrag","block_context":{"text":"\u00c4hnlicher Beitrag","link":""},"img":{"alt_text":"Sonia","src":"https:\/\/i0.wp.com\/kc-glarus.ch\/wp-content\/uploads\/2012\/07\/Sonia-971x1024.jpg?resize=350%2C200","width":350,"height":200},"classes":[]},{"id":399,"url":"https:\/\/kc-glarus.ch\/?page_id=399","url_meta":{"origin":163,"position":1},"title":"Karate f\u00fcr Kids","author":"Gabriel Rimann","date":"September 2, 2015","format":false,"excerpt":"","rel":"","context":"\u00c4hnlicher Beitrag","block_context":{"text":"\u00c4hnlicher Beitrag","link":""},"img":{"alt_text":"","src":"","width":0,"height":0},"classes":[]},{"id":563,"url":"https:\/\/kc-glarus.ch\/?page_id=563","url_meta":{"origin":163,"position":2},"title":"Kontakt","author":"Gabriel Rimann","date":"August 31, 2018","format":false,"excerpt":"Ansprechpartner f\u00fcr Karate und Kickboxen: Daniel Rimann 079 421 14 06","rel":"","context":"\u00c4hnlicher Beitrag","block_context":{"text":"\u00c4hnlicher Beitrag","link":""},"img":{"alt_text":"","src":"","width":0,"height":0},"classes":[]},{"id":84,"url":"https:\/\/kc-glarus.ch\/?page_id=84","url_meta":{"origin":163,"position":3},"title":"Kickboxing","author":"Gabriel Rimann","date":"Juli 22, 2012","format":false,"excerpt":"Kickboxing Ansprechpartner f\u00fcr Karate und Kickboxen: Daniel Rimann 079 421 14 06 Wir bieten Dienstag und Freitag jeweils um 19.00 Trainings im Lokal der Karateschule Glarus Das Kickboxgym ist eine selbstst\u00e4ndige Schule,\u00a0 welche in den Lokalit\u00e4ten des KC-Glarus eingemietet ist. \u00a0","rel":"","context":"\u00c4hnlicher Beitrag","block_context":{"text":"\u00c4hnlicher Beitrag","link":""},"img":{"alt_text":"kickboxing","src":"https:\/\/i0.wp.com\/kc-glarus.ch\/wp-content\/uploads\/2012\/07\/kickboxing.jpg?resize=350%2C200","width":350,"height":200},"classes":[]},{"id":24,"url":"https:\/\/kc-glarus.ch\/?page_id=24","url_meta":{"origin":163,"position":4},"title":"Standort Landstrasse 41","author":"Gabriel Rimann","date":"Juli 22, 2012","format":false,"excerpt":"Landstrasse 41, 8750 Glarus Eingang beim Mehrfamilienhaus hinter dem Restaurant Raan Thai (Restaurant Alte Brauerei) vis a vis Zeughaus Glarus im 2.Untergeschoss Trainingslokal Trainings: Montag 18.00-19.00 Uhr (Grundlagentrainings f\u00fcr Anf\u00e4nger und Fortgeschrittene) Montag 19.00 - 20.30 Uhr (Kampftraing) Mittwoch 18.00 - 19. 00 Uhr (Kindertraining) <\/p> <div> <a target=\"_top\" href=\"\/\/map.search.ch\/Glarus,Landstr.41a\"\u2026","rel":"","context":"\u00c4hnlicher Beitrag","block_context":{"text":"\u00c4hnlicher Beitrag","link":""},"img":{"alt_text":"braui","src":"https:\/\/i0.wp.com\/kc-glarus.ch\/wp-content\/uploads\/2012\/07\/braui.gif?resize=350%2C200","width":350,"height":200},"classes":[]}],"_links":{"self":[{"href":"https:\/\/kc-glarus.ch\/index.php?rest_route=\/wp\/v2\/pages\/163","targetHints":{"allow":["GET"]}}],"collection":[{"href":"https:\/\/kc-glarus.ch\/index.php?rest_route=\/wp\/v2\/pages"}],"about":[{"href":"https:\/\/kc-glarus.ch\/index.php?rest_route=\/wp\/v2\/types\/page"}],"author":[{"embeddable":true,"href":"https:\/\/kc-glarus.ch\/index.php?rest_route=\/wp\/v2\/users\/3"}],"replies":[{"embeddable":true,"href":"https:\/\/kc-glarus.ch\/index.php?rest_route=%2Fwp%2Fv2%2Fcomments&post=163"}],"version-history":[{"count":7,"href":"https:\/\/kc-glarus.ch\/index.php?rest_route=\/wp\/v2\/pages\/163\/revisions"}],"predecessor-version":[{"id":188,"href":"https:\/\/kc-glarus.ch\/index.php?rest_route=\/wp\/v2\/pages\/163\/revisions\/188"}],"wp:attachment":[{"href":"https:\/\/kc-glarus.ch\/index.php?rest_route=%2Fwp%2Fv2%2Fmedia&parent=163"}],"curies":[{"name":"wp","href":"https:\/\/api.w.org\/{rel}","templated":true}]}}